{"id":272,"date":"2024-03-08T16:38:22","date_gmt":"2024-03-08T15:38:22","guid":{"rendered":"https:\/\/novotel-bern-expo.accorv2prod.decms.eu\/seminare-und-veranstaltungsraeume\/"},"modified":"2025-10-16T15:53:11","modified_gmt":"2025-10-16T13:53:11","slug":"reunions-evenements","status":"publish","type":"page","link":"https:\/\/www.novotelbernexpo.ch\/fr\/reunions-evenements\/","title":{"rendered":"R\u00e9unions et \u00c9v\u00e9nements"},"content":{"rendered":"<p>Le Novotel Bern Expo met \u00e0 votre disposition 6 salles de s\u00e9minaire climatis\u00e9es et insonoris\u00e9es.<br \/>\nModulables selon vos besoins, ces espaces modernes ainsi que notre hall spacieux accueillent parfaitement s\u00e9minaires, cocktails, expositions, conf\u00e9rences et r\u00e9ceptions.<\/p>\n<p>Notre \u00e9quipe exp\u00e9riment\u00e9e vous accompagne dans la conception et la r\u00e9alisation de vos \u00e9v\u00e9nements personnalis\u00e9s.<\/p>\n<p style=\"text-align: center\">Vous pr\u00e9voyez une visite en groupe ou souhaitez organiser un \u00e9v\u00e9nement chez nous ?<br data-start=\"255\" data-end=\"258\" \/>Gr\u00e2ce au lien ci-dessous, vous pouvez facilement faire votre demande de r\u00e9servation en ligne \u2013 nous nous occupons du reste :<\/p>\n<p style=\"text-align: center\"><a href=\"https:\/\/bern-expo.backyou.app\/fr\/c\/request\/novotel-bern-expo\">formulaire de r\u00e9servation<\/a><\/p>\n","protected":false},"excerpt":{"rendered":"<p>Le Novotel Bern Expo met \u00e0 votre disposition 6 salles de s\u00e9minaire climatis\u00e9es et insonoris\u00e9es. Modulables selon vos besoins, ces espaces modernes ainsi que notre hall spacieux accueillent parfaitement s\u00e9minaires, cocktails, expositions, conf\u00e9rences et r\u00e9ceptions. Notre \u00e9quipe exp\u00e9riment\u00e9e vous accompagne dans la conception et la r\u00e9alisation de vos \u00e9v\u00e9nements personnalis\u00e9s. Vous pr\u00e9voyez une visite en [&hellip;]<\/p>\n","protected":false},"author":118,"featured_media":0,"parent":0,"menu_order":30,"comment_status":"closed","ping_status":"closed","template":"template-meetings.php","meta":{"footnotes":""},"categories":[],"class_list":["post-272","page","type-page","status-publish","hentry"],"acf":[],"yoast_head":"<!-- This site is optimized with the Yoast SEO plugin v26.9 - https:\/\/yoast.com\/product\/yoast-seo-wordpress\/ -->\n<title>R\u00e9unions et \u00c9v\u00e9nements - Novotel Bern Expo<\/title>\n<meta name=\"description\" content=\"6 salles de s\u00e9minaire climatis\u00e9es et modulables pour vos \u00e9v\u00e9nements \u00e0 Bern. Expertise en organisation au Novotel Bern Expo.\" \/>\n<meta name=\"robots\" content=\"index, follow, max-snippet:-1, max-image-preview:large, max-video-preview:-1\" \/>\n<link rel=\"canonical\" href=\"https:\/\/www.novotelbernexpo.ch\/fr\/reunions-evenements\/\" \/>\n<meta property=\"og:locale\" content=\"fr_FR\" \/>\n<meta property=\"og:type\" content=\"article\" \/>\n<meta property=\"og:title\" content=\"R\u00e9unions et \u00c9v\u00e9nements - Novotel Bern Expo\" \/>\n<meta property=\"og:description\" content=\"6 salles de s\u00e9minaire climatis\u00e9es et modulables pour vos \u00e9v\u00e9nements \u00e0 Bern. Expertise en organisation au Novotel Bern Expo.\" \/>\n<meta property=\"og:url\" content=\"https:\/\/www.novotelbernexpo.ch\/fr\/reunions-evenements\/\" \/>\n<meta property=\"og:site_name\" content=\"Novotel Bern Expo\" \/>\n<meta property=\"article:publisher\" content=\"https:\/\/www.facebook.com\/novotelbern\/\" \/>\n<meta property=\"article:modified_time\" content=\"2025-10-16T13:53:11+00:00\" \/>\n<meta name=\"twitter:card\" content=\"summary_large_image\" \/>\n<meta name=\"twitter:label1\" content=\"Dur\u00e9e de lecture est.\" \/>\n\t<meta name=\"twitter:data1\" content=\"1 minute\" \/>\n<script type=\"application\/ld+json\" class=\"yoast-schema-graph\">{\"@context\":\"https:\/\/schema.org\",\"@graph\":[{\"@type\":\"WebPage\",\"@id\":\"https:\/\/www.novotelbernexpo.ch\/fr\/reunions-evenements\/\",\"url\":\"https:\/\/www.novotelbernexpo.ch\/fr\/reunions-evenements\/\",\"name\":\"R\u00e9unions et \u00c9v\u00e9nements - Novotel Bern Expo\",\"isPartOf\":{\"@id\":\"https:\/\/www.novotelbernexpo.ch\/#website\"},\"datePublished\":\"2024-03-08T15:38:22+00:00\",\"dateModified\":\"2025-10-16T13:53:11+00:00\",\"description\":\"6 salles de s\u00e9minaire climatis\u00e9es et modulables pour vos \u00e9v\u00e9nements \u00e0 Bern. Expertise en organisation au Novotel Bern Expo.\",\"breadcrumb\":{\"@id\":\"https:\/\/www.novotelbernexpo.ch\/fr\/reunions-evenements\/#breadcrumb\"},\"inLanguage\":\"fr-FR\",\"potentialAction\":[{\"@type\":\"ReadAction\",\"target\":[\"https:\/\/www.novotelbernexpo.ch\/fr\/reunions-evenements\/\"]}]},{\"@type\":\"BreadcrumbList\",\"@id\":\"https:\/\/www.novotelbernexpo.ch\/fr\/reunions-evenements\/#breadcrumb\",\"itemListElement\":[{\"@type\":\"ListItem\",\"position\":1,\"name\":\"Accueil\",\"item\":\"https:\/\/www.novotelbernexpo.ch\/fr\/\"},{\"@type\":\"ListItem\",\"position\":2,\"name\":\"R\u00e9unions et \u00c9v\u00e9nements\"}]},{\"@type\":\"WebSite\",\"@id\":\"https:\/\/www.novotelbernexpo.ch\/#website\",\"url\":\"https:\/\/www.novotelbernexpo.ch\/\",\"name\":\"Novotel Bern Expo\",\"description\":\"\",\"potentialAction\":[{\"@type\":\"SearchAction\",\"target\":{\"@type\":\"EntryPoint\",\"urlTemplate\":\"https:\/\/www.novotelbernexpo.ch\/?s={search_term_string}\"},\"query-input\":{\"@type\":\"PropertyValueSpecification\",\"valueRequired\":true,\"valueName\":\"search_term_string\"}}],\"inLanguage\":\"fr-FR\"}]}<\/script>\n<!-- \/ Yoast SEO plugin. -->","yoast_head_json":{"title":"R\u00e9unions et \u00c9v\u00e9nements - Novotel Bern Expo","description":"6 salles de s\u00e9minaire climatis\u00e9es et modulables pour vos \u00e9v\u00e9nements \u00e0 Bern. Expertise en organisation au Novotel Bern Expo.","robots":{"index":"index","follow":"follow","max-snippet":"max-snippet:-1","max-image-preview":"max-image-preview:large","max-video-preview":"max-video-preview:-1"},"canonical":"https:\/\/www.novotelbernexpo.ch\/fr\/reunions-evenements\/","og_locale":"fr_FR","og_type":"article","og_title":"R\u00e9unions et \u00c9v\u00e9nements - Novotel Bern Expo","og_description":"6 salles de s\u00e9minaire climatis\u00e9es et modulables pour vos \u00e9v\u00e9nements \u00e0 Bern. Expertise en organisation au Novotel Bern Expo.","og_url":"https:\/\/www.novotelbernexpo.ch\/fr\/reunions-evenements\/","og_site_name":"Novotel Bern Expo","article_publisher":"https:\/\/www.facebook.com\/novotelbern\/","article_modified_time":"2025-10-16T13:53:11+00:00","twitter_card":"summary_large_image","twitter_misc":{"Dur\u00e9e de lecture est.":"1 minute"},"schema":{"@context":"https:\/\/schema.org","@graph":[{"@type":"WebPage","@id":"https:\/\/www.novotelbernexpo.ch\/fr\/reunions-evenements\/","url":"https:\/\/www.novotelbernexpo.ch\/fr\/reunions-evenements\/","name":"R\u00e9unions et \u00c9v\u00e9nements - Novotel Bern Expo","isPartOf":{"@id":"https:\/\/www.novotelbernexpo.ch\/#website"},"datePublished":"2024-03-08T15:38:22+00:00","dateModified":"2025-10-16T13:53:11+00:00","description":"6 salles de s\u00e9minaire climatis\u00e9es et modulables pour vos \u00e9v\u00e9nements \u00e0 Bern. Expertise en organisation au Novotel Bern Expo.","breadcrumb":{"@id":"https:\/\/www.novotelbernexpo.ch\/fr\/reunions-evenements\/#breadcrumb"},"inLanguage":"fr-FR","potentialAction":[{"@type":"ReadAction","target":["https:\/\/www.novotelbernexpo.ch\/fr\/reunions-evenements\/"]}]},{"@type":"BreadcrumbList","@id":"https:\/\/www.novotelbernexpo.ch\/fr\/reunions-evenements\/#breadcrumb","itemListElement":[{"@type":"ListItem","position":1,"name":"Accueil","item":"https:\/\/www.novotelbernexpo.ch\/fr\/"},{"@type":"ListItem","position":2,"name":"R\u00e9unions et \u00c9v\u00e9nements"}]},{"@type":"WebSite","@id":"https:\/\/www.novotelbernexpo.ch\/#website","url":"https:\/\/www.novotelbernexpo.ch\/","name":"Novotel Bern Expo","description":"","potentialAction":[{"@type":"SearchAction","target":{"@type":"EntryPoint","urlTemplate":"https:\/\/www.novotelbernexpo.ch\/?s={search_term_string}"},"query-input":{"@type":"PropertyValueSpecification","valueRequired":true,"valueName":"search_term_string"}}],"inLanguage":"fr-FR"}]}},"_links":{"self":[{"href":"https:\/\/www.novotelbernexpo.ch\/fr\/wp-json\/wp\/v2\/pages\/272","targetHints":{"allow":["GET"]}}],"collection":[{"href":"https:\/\/www.novotelbernexpo.ch\/fr\/wp-json\/wp\/v2\/pages"}],"about":[{"href":"https:\/\/www.novotelbernexpo.ch\/fr\/wp-json\/wp\/v2\/types\/page"}],"author":[{"embeddable":true,"href":"https:\/\/www.novotelbernexpo.ch\/fr\/wp-json\/wp\/v2\/users\/118"}],"replies":[{"embeddable":true,"href":"https:\/\/www.novotelbernexpo.ch\/fr\/wp-json\/wp\/v2\/comments?post=272"}],"version-history":[{"count":0,"href":"https:\/\/www.novotelbernexpo.ch\/fr\/wp-json\/wp\/v2\/pages\/272\/revisions"}],"wp:attachment":[{"href":"https:\/\/www.novotelbernexpo.ch\/fr\/wp-json\/wp\/v2\/media?parent=272"}],"wp:term":[{"taxonomy":"category","embeddable":true,"href":"https:\/\/www.novotelbernexpo.ch\/fr\/wp-json\/wp\/v2\/categories?post=272"}],"curies":[{"name":"wp","href":"https:\/\/api.w.org\/{rel}","templated":true}]}}